{"id":639,"date":"2024-10-17T08:57:45","date_gmt":"2024-10-17T06:57:45","guid":{"rendered":"https:\/\/wpprovis.com\/volcat-igualada\/registration-volcat-igualada\/"},"modified":"2026-04-02T12:27:16","modified_gmt":"2026-04-02T10:27:16","slug":"inscription-volcat-igualada","status":"publish","type":"page","link":"https:\/\/volcatbtt.com\/fr\/volcat-igualada\/inscription-volcat-igualada\/","title":{"rendered":"Inscription Volcat Igualada"},"content":{"rendered":"<div class=\"wpb-content-wrapper\">[vc_row full_width=\u00a0\u00bbstretch_row\u00a0\u00bb content_placement=\u00a0\u00bbbottom\u00a0\u00bb typography_style=\u00a0\u00bbwhite\u00a0\u00bb css=\u00a0\u00bb.vc_custom_1736335991992{background-image: url(https:\/\/volcatbtt.com\/wp-content\/uploads\/2024\/10\/2024-03-31-volcat-igualada-xxss-premsa-foto-francesc-llado-084-1.jpg?id=10430) !important;background-position: center !important;background-repeat: no-repeat !important;background-size: cover !important;}\u00a0\u00bb min_height=\u00a0\u00bb200px\u00a0\u00bb wpex_bg_position=\u00a0\u00bb15% 13%\u00a0\u00bb][vc_column][vc_column_text css=\u00a0\u00bb\u00a0\u00bb]\n<h1>Inscription<\/h1>\n[\/vc_column_text][\/vc_column][\/vc_row][vc_row full_width=\u00a0\u00bbstretch_row\u00a0\u00bb content_placement=\u00a0\u00bbmiddle\u00a0\u00bb][vc_column][vc_empty_space]<div class=\"theme-button-wrap textcenter wpex-clr\"><a href=\"https:\/\/www.rockthesport.com\/fr\/evenement\/volcat-igualada-by-scott-2025\/liste-participants\" class=\"vcex-button theme-button large align-center inline hidden\" target=\"_blank\" rel=\"nofollow noopener noreferrer\"><span class=\"vcex-button-inner theme-button-inner wpex-flex wpex-flex-wrap wpex-items-center wpex-justify-center\">LIST\u00c9 PARTICIPANTS<\/span><\/a><\/div> <style>.vcex-image.vcex_69efc6786b4be .vcex-image-inner{max-width:350px;}<\/style><figure class=\"vcex-image vcex-module wpex-text-center vcex_69efc6786b4be\"><div class=\"vcex-image-inner wpex-relative wpex-inline-block\"><a href=\"https:\/\/volcatbtt.com\/wp-content\/uploads\/2026\/01\/maillot_volcat_26.png\" class=\"wpex-lightbox\"><img width=\"864\" height=\"780\" src=\"https:\/\/volcatbtt.com\/wp-content\/uploads\/2026\/01\/maillot_volcat_26.png\" class=\"vcex-image-img wpex-align-middle\" alt=\"\" loading=\"lazy\" decoding=\"async\" srcset=\"https:\/\/volcatbtt.com\/wp-content\/uploads\/2026\/01\/maillot_volcat_26.png 864w, https:\/\/volcatbtt.com\/wp-content\/uploads\/2026\/01\/maillot_volcat_26-300x271.png 300w, https:\/\/volcatbtt.com\/wp-content\/uploads\/2026\/01\/maillot_volcat_26-768x693.png 768w\" sizes=\"auto, (max-width: 864px) 100vw, 864px\" \/><\/a><\/div><figcaption class=\"vcex-image-caption wpex-mt-10\">Maillot officiel Volcat VTT 2026 inclus<\/figcaption><\/figure>[\/vc_column][\/vc_row][vc_row full_width=\u00a0\u00bbstretch_row\u00a0\u00bb remove_bottom_col_margin=\u00a0\u00bbtrue\u00a0\u00bb][vc_column][vc_column_text css=\u00a0\u00bb\u00a0\u00bb visibility=\u00a0\u00bbhidden\u00a0\u00bb]\n<h3 style=\"text-align: center;\"><strong><span style=\"font-size: 21px; color: #aa1100;\">PRIX SP\u00c9CIAL FIN D&rsquo;ANN\u00c9E<\/span><\/strong><\/h3>\n[\/vc_column_text][vc_empty_space][\/vc_column][\/vc_row][vc_row full_width=\u00a0\u00bbstretch_row\u00a0\u00bb gap=\u00a0\u00bb35&Prime;][vc_column wpex_shadow=\u00a0\u00bbshadow-lg\u00a0\u00bb width=\u00a0\u00bb1\/3&Prime; css=\u00a0\u00bb.vc_custom_1774435797109{border-top-width: 3px !important;padding-top: 40px !important;padding-right: 40px !important;padding-bottom: 40px !important;padding-left: 40px !important;background-color: #ffffff !important;border-top-style: s\u00f2lid !important;border-color: #dd3333 !important;}\u00a0\u00bb wpex_border_color=\u00a0\u00bb#dd3333&Prime;]<style>.vcex-heading.vcex_69efc6786cf8c{color:#222222;font-size:2em;font-weight:600;}<\/style><div class=\"vcex-heading vcex-heading-plain vcex-module wpex-heading wpex-text-2xl wpex-text-center vcex_69efc6786cf8c\"><span class=\"vcex-heading-inner wpex-inline-block\">GRAVEL RIDE IGUALADA<\/span><\/div><div class=\"vcex-spacing wpex-w-100 wpex-clear\"><\/div><style>.vcex-divider-multicolor.vcex_69efc6786d40e .vcex-divider-multicolor__item{height:10px;}<\/style><div class=\"vcex-divider-multicolor vcex-module wpex-flex wpex-w-100 wpex-m-auto vcex_69efc6786d40e\"><span class=\"vcex-divider-multicolor__item wpex-flex-grow\" style=\"background:#e30613;\"><\/span><\/div><div class=\"vcex-spacing wpex-w-100 wpex-clear\"><\/div><style>.vcex-button.vcex_69efc6786db09:hover{background:#000000!important;color:#ffffff!important;}.vcex-button.vcex_69efc6786db09{color:#000000!important;padding-block:15px;padding-inline:30px;border:2px solid currentColor;font-weight:700;}<\/style><div class=\"theme-button-wrap theme-button-expanded-wrap\"><a href=\"https:\/\/www.rockthesport.com\/fr\/evenement\/gravel-ride-tour-igualada-2026\" class=\"vcex-button theme-button outline expanded expanded vcex_69efc6786db09\" target=\"_blank\" rel=\"noopener noreferrer\"><span class=\"vcex-button-inner theme-button-inner wpex-flex wpex-flex-wrap wpex-items-center wpex-justify-center\">INSCRIPTION<\/span><\/a><\/div> [\/vc_column][vc_column wpex_shadow=\u00a0\u00bbshadow-lg\u00a0\u00bb width=\u00a0\u00bb1\/3&Prime; wpex_border_color=\u00a0\u00bb#dd3333&Prime; css=\u00a0\u00bb.vc_custom_1774435707940{border-top-width: 3px !important;padding-top: 40px !important;padding-right: 40px !important;padding-bottom: 40px !important;padding-left: 40px !important;border-top-style: s\u00f2lid !important;}\u00a0\u00bb]<style>.vcex-heading.vcex_69efc6786e01c{color:#222222;font-size:2em;font-weight:600;}<\/style><div class=\"vcex-heading vcex-heading-plain vcex-module wpex-heading wpex-text-2xl wpex-text-center vcex_69efc6786e01c\"><span class=\"vcex-heading-inner wpex-inline-block\">E-BIKE TOUR IGUALADA<\/span><\/div><div class=\"vcex-spacing wpex-w-100 wpex-clear\"><\/div><style>.vcex-divider-multicolor.vcex_69efc6786e34d .vcex-divider-multicolor__item{height:10px;}<\/style><div class=\"vcex-divider-multicolor vcex-module wpex-flex wpex-w-100 wpex-m-auto vcex_69efc6786e34d\"><span class=\"vcex-divider-multicolor__item wpex-flex-grow\" style=\"background:#e30613;\"><\/span><\/div><div class=\"vcex-spacing wpex-w-100 wpex-clear\"><\/div><style>.vcex-button.vcex_69efc6786e8ab:hover{background:#000000!important;color:#ffffff!important;}.vcex-button.vcex_69efc6786e8ab{color:#000000!important;padding-block:15px;padding-inline:30px;border:2px solid currentColor;font-weight:700;}<\/style><div class=\"theme-button-wrap theme-button-expanded-wrap\"><a href=\"https:\/\/www.rockthesport.com\/en\/event\/e-bike-igualada-2026\" class=\"vcex-button theme-button outline expanded expanded vcex_69efc6786e8ab\" target=\"_blank\" rel=\"noopener noreferrer\"><span class=\"vcex-button-inner theme-button-inner wpex-flex wpex-flex-wrap wpex-items-center wpex-justify-center\">INSCRIPTION<\/span><\/a><\/div> [\/vc_column][vc_column wpex_shadow=\u00a0\u00bbshadow-lg\u00a0\u00bb width=\u00a0\u00bb1\/3&Prime;][\/vc_column][\/vc_row][vc_row full_width=\u00a0\u00bbstretch_row\u00a0\u00bb gap=\u00a0\u00bb35&Prime;][vc_column wpex_shadow=\u00a0\u00bbshadow-lg\u00a0\u00bb width=\u00a0\u00bb1\/3&Prime; css=\u00a0\u00bb.vc_custom_1665046408770{border-top-width: 3px !important;padding-top: 40px !important;padding-right: 40px !important;padding-bottom: 40px !important;padding-left: 40px !important;background-color: #ffffff !important;border-top-color: #dd3333 !important;border-top-style: solid !important;}\u00a0\u00bb]<style>.vcex-heading.vcex_69efc6786edba{color:#222222;font-size:2em;font-weight:600;}<\/style><div class=\"vcex-heading vcex-heading-plain vcex-module wpex-heading wpex-text-2xl wpex-text-center vcex_69efc6786edba\"><span class=\"vcex-heading-inner wpex-inline-block\">VOLCAT IGUALADA<br \/>\n2 \u00c9TAPES | PRO<\/span><\/div><div class=\"vcex-spacing wpex-w-100 wpex-clear\"><\/div><style>.vcex-divider-multicolor.vcex_69efc6786f0f3 .vcex-divider-multicolor__item{height:10px;}<\/style><div class=\"vcex-divider-multicolor vcex-module wpex-flex wpex-w-100 wpex-m-auto vcex_69efc6786f0f3\"><span class=\"vcex-divider-multicolor__item wpex-flex-grow\" style=\"background:#e30613;\"><\/span><\/div><div class=\"vcex-spacing wpex-w-100 wpex-clear\"><\/div>[vc_column_text css=\u00a0\u00bb\u00a0\u00bb color=\u00a0\u00bb#000000&Prime; text_align=\u00a0\u00bbcenter\u00a0\u00bb]Prix jusqu&rsquo;au 31\/12\/2025 23h59<br \/>\n<span style=\"font-size: 24px; color: #aa1100;\">99,30 \u20ac<\/span><\/p>\n<p>Prix jusqu&rsquo;au 01\/04\/2026 23h59<br \/>\n<span style=\"font-size: 24px; color: #aa1100;\">109,30 \u20ac<\/span>[\/vc_column_text]<div class=\"vcex-spacing wpex-w-100 wpex-clear\"><\/div>[vc_column_text css=\u00a0\u00bb\u00a0\u00bb text_align=\u00a0\u00bbcenter\u00a0\u00bb]<span style=\"color: #808080;\">*TVA et frais de gestion inclus<\/span>[\/vc_column_text]<div class=\"vcex-spacing wpex-w-100 wpex-clear\"><\/div><style>.vcex-button.vcex_69efc6786f71f:hover{background:#000000!important;color:#ffffff!important;}.vcex-button.vcex_69efc6786f71f{color:#000000!important;padding-block:15px;padding-inline:30px;border:2px solid currentColor;font-weight:700;}<\/style><div class=\"theme-button-wrap theme-button-expanded-wrap\"><a href=\"https:\/\/www.rockthesport.com\/fr\/evenement\/volcat-igualada-by-scott-2026\/inscription\/selectionnez-tarif?&#038;fee_tag=dosetapaspro\" class=\"vcex-button theme-button outline expanded expanded vcex_69efc6786f71f\" target=\"_blank\" rel=\"noopener noreferrer\"><span class=\"vcex-button-inner theme-button-inner wpex-flex wpex-flex-wrap wpex-items-center wpex-justify-center\">INSCRIPTION FERM\u00c9<\/span><\/a><\/div> [\/vc_column][vc_column wpex_shadow=\u00a0\u00bbshadow-lg\u00a0\u00bb width=\u00a0\u00bb1\/3&Prime; css=\u00a0\u00bb.vc_custom_1665046414666{border-top-width: 3px !important;padding-top: 40px !important;padding-right: 40px !important;padding-bottom: 40px !important;padding-left: 40px !important;background-color: #ffffff !important;border-top-color: #dd3333 !important;border-top-style: solid !important;}\u00a0\u00bb]<style>.vcex-heading.vcex_69efc6786fc11{color:#222222;font-size:2em;font-weight:600;}<\/style><div class=\"vcex-heading vcex-heading-plain vcex-module wpex-heading wpex-text-2xl wpex-text-center vcex_69efc6786fc11\"><span class=\"vcex-heading-inner wpex-inline-block\">VOLCAT IGUALADA<br \/>\n2 \u00c9TAPES | OPEN<\/span><\/div><div class=\"vcex-spacing wpex-w-100 wpex-clear\"><\/div><style>.vcex-divider-multicolor.vcex_69efc6786ff7d .vcex-divider-multicolor__item{height:10px;}<\/style><div class=\"vcex-divider-multicolor vcex-module wpex-flex wpex-w-100 wpex-m-auto vcex_69efc6786ff7d\"><span class=\"vcex-divider-multicolor__item wpex-flex-grow\" style=\"background:#e30613;\"><\/span><\/div><div class=\"vcex-spacing wpex-w-100 wpex-clear\"><\/div>[vc_column_text css=\u00a0\u00bb\u00a0\u00bb color=\u00a0\u00bb#000000&Prime; text_align=\u00a0\u00bbcenter\u00a0\u00bb]Prix jusqu&rsquo;au 31\/12\/2025 23h59<br \/>\n<span style=\"font-size: 24px; color: #aa1100;\">99,30 \u20ac<\/span><\/p>\n<p>Prix jusqu&rsquo;au 01\/04\/2026 23h59<br \/>\n<span style=\"font-size: 24px; color: #aa1100;\">109,30 \u20ac<\/span>[\/vc_column_text]<div class=\"vcex-spacing wpex-w-100 wpex-clear\"><\/div>[vc_column_text css=\u00a0\u00bb\u00a0\u00bb text_align=\u00a0\u00bbcenter\u00a0\u00bb]<span style=\"color: #808080;\">*TVA et frais de gestion inclus<\/span>[\/vc_column_text]<div class=\"vcex-spacing wpex-w-100 wpex-clear\"><\/div><style>.vcex-button.vcex_69efc67870594:hover{background:#000000!important;color:#ffffff!important;}.vcex-button.vcex_69efc67870594{color:#000000!important;padding-block:15px;padding-inline:30px;border:2px solid currentColor;font-weight:700;}<\/style><div class=\"theme-button-wrap theme-button-expanded-wrap\"><a href=\"https:\/\/www.rockthesport.com\/fr\/evenement\/volcat-igualada-by-scott-2026\/inscription\/selectionnez-tarif?&#038;fee_tag=dosetapasopen\" class=\"vcex-button theme-button outline expanded expanded vcex_69efc67870594\" target=\"_blank\" rel=\"noopener noreferrer\"><span class=\"vcex-button-inner theme-button-inner wpex-flex wpex-flex-wrap wpex-items-center wpex-justify-center\">INSCRIPTION FERM\u00c9<\/span><\/a><\/div> [\/vc_column][vc_column wpex_shadow=\u00a0\u00bbshadow-lg\u00a0\u00bb width=\u00a0\u00bb1\/3&Prime; css=\u00a0\u00bb.vc_custom_1763986671230{border-top-width: 3px !important;padding-top: 40px !important;padding-right: 40px !important;padding-bottom: 40px !important;padding-left: 40px !important;background-color: #FFFFFF !important;border-top-style: solid !important;border-color: #DD3333 !important;}\u00a0\u00bb]<style>.vcex-heading.vcex_69efc67870a4a{color:#222222;font-size:2em;font-weight:600;}<\/style><div class=\"vcex-heading vcex-heading-plain vcex-module wpex-heading wpex-text-2xl wpex-text-center vcex_69efc67870a4a\"><span class=\"vcex-heading-inner wpex-inline-block\">VOLCAT IGUALADA<br \/>\n2 \u00c9TAPES | OPEN DUO<\/span><\/div><div class=\"vcex-spacing wpex-w-100 wpex-clear\"><\/div><style>.vcex-divider-multicolor.vcex_69efc67870d7b .vcex-divider-multicolor__item{height:10px;}<\/style><div class=\"vcex-divider-multicolor vcex-module wpex-flex wpex-w-100 wpex-m-auto vcex_69efc67870d7b\"><span class=\"vcex-divider-multicolor__item wpex-flex-grow\" style=\"background:#e30613;\"><\/span><\/div><div class=\"vcex-spacing wpex-w-100 wpex-clear\"><\/div>[vc_column_text css=\u00a0\u00bb\u00a0\u00bb color=\u00a0\u00bb#000000&Prime; text_align=\u00a0\u00bbcenter\u00a0\u00bb]Prix jusqu&rsquo;au 31\/12\/2025 23h59<br \/>\n<span style=\"font-size: 24px; color: #aa1100;\">197,30 \u20ac<\/span><\/p>\n<p>Prix jusqu&rsquo;au 01\/04\/2026 23h59<br \/>\n<span style=\"font-size: 24px; color: #aa1100;\">217,30 \u20ac<\/span>[\/vc_column_text]<div class=\"vcex-spacing wpex-w-100 wpex-clear\"><\/div>[vc_column_text css=\u00a0\u00bb\u00a0\u00bb text_align=\u00a0\u00bbcenter\u00a0\u00bb]<span style=\"color: #808080;\">*TVA et frais de gestion inclus<\/span>[\/vc_column_text]<div class=\"vcex-spacing wpex-w-100 wpex-clear\"><\/div><style>.vcex-button.vcex_69efc678713da:hover{background:#000000!important;color:#ffffff!important;}.vcex-button.vcex_69efc678713da{color:#000000!important;padding-block:15px;padding-inline:30px;border:2px solid currentColor;font-weight:700;}<\/style><div class=\"theme-button-wrap theme-button-expanded-wrap\"><a href=\"https:\/\/www.rockthesport.com\/fr\/evenement\/volcat-igualada-by-scott-2026\/inscription\/selectionnez-tarif?&#038;fee_tag=dosetapasopenduo\" class=\"vcex-button theme-button outline expanded expanded vcex_69efc678713da\" target=\"_blank\" rel=\"noopener noreferrer\"><span class=\"vcex-button-inner theme-button-inner wpex-flex wpex-flex-wrap wpex-items-center wpex-justify-center\">INSCRIPTION FERM\u00c9<\/span><\/a><\/div> [\/vc_column][\/vc_row][vc_row full_width=\u00a0\u00bbstretch_row\u00a0\u00bb gap=\u00a0\u00bb35&Prime;][vc_column wpex_shadow=\u00a0\u00bbshadow-lg\u00a0\u00bb width=\u00a0\u00bb1\/3&Prime; css=\u00a0\u00bb.vc_custom_1665046421914{border-top-width: 3px !important;padding-top: 40px !important;padding-right: 40px !important;padding-bottom: 40px !important;padding-left: 40px !important;background-color: #ffffff !important;border-top-color: #dd3333 !important;border-top-style: solid !important;}\u00a0\u00bb]<style>.vcex-heading.vcex_69efc678718b8{color:#222222;font-size:2em;font-weight:600;}<\/style><span class=\"vcex-heading vcex-heading-plain vcex-module wpex-heading wpex-text-2xl wpex-text-center vcex_69efc678718b8\"><span class=\"vcex-heading-inner wpex-inline-block\">VOLCAT IGUALADA<br \/>\n1 \u00c9TAPE | PRO<\/span><\/span><div class=\"vcex-spacing wpex-w-100 wpex-clear\"><\/div><style>.vcex-divider-multicolor.vcex_69efc67871c29 .vcex-divider-multicolor__item{height:10px;}<\/style><div class=\"vcex-divider-multicolor vcex-module wpex-flex wpex-w-100 wpex-m-auto vcex_69efc67871c29\"><span class=\"vcex-divider-multicolor__item wpex-flex-grow\" style=\"background:#e30613;\"><\/span><\/div><div class=\"vcex-spacing wpex-w-100 wpex-clear\"><\/div>[vc_column_text css=\u00a0\u00bb\u00a0\u00bb color=\u00a0\u00bb#000000&Prime; text_align=\u00a0\u00bbcenter\u00a0\u00bb]Prix jusqu&rsquo;au 31\/12\/2025 23h59<br \/>\n<span style=\"font-size: 24px; color: #aa1100;\">56,30 \u20ac<\/span><\/p>\n<p>Prix jusqu&rsquo;au 01\/04\/2026 23h59<br \/>\n<span style=\"font-size: 24px; color: #aa1100;\">66,30 \u20ac<\/span>[\/vc_column_text]<div class=\"vcex-spacing wpex-w-100 wpex-clear\"><\/div>[vc_column_text css=\u00a0\u00bb\u00a0\u00bb text_align=\u00a0\u00bbcenter\u00a0\u00bb]<span style=\"color: #808080;\">*TVA et frais de gestion inclus<\/span>[\/vc_column_text]<div class=\"vcex-spacing wpex-w-100 wpex-clear\"><\/div><style>.vcex-button.vcex_69efc678722c3:hover{background:#000000!important;color:#ffffff!important;}.vcex-button.vcex_69efc678722c3{color:#000000!important;padding-block:15px;padding-inline:30px;border:2px solid currentColor;font-weight:700;}<\/style><div class=\"theme-button-wrap theme-button-expanded-wrap\"><a href=\"https:\/\/www.rockthesport.com\/fr\/evenement\/volcat-igualada-by-scott-2026\/inscription\/selectionnez-tarif?&#038;fee_tag=unaetapapro\" class=\"vcex-button theme-button outline expanded expanded vcex_69efc678722c3\" target=\"_blank\" rel=\"noopener noreferrer\"><span class=\"vcex-button-inner theme-button-inner wpex-flex wpex-flex-wrap wpex-items-center wpex-justify-center\">INSCRIPTION FERM\u00c9<\/span><\/a><\/div> [\/vc_column][vc_column wpex_shadow=\u00a0\u00bbshadow-lg\u00a0\u00bb width=\u00a0\u00bb1\/3&Prime; css=\u00a0\u00bb.vc_custom_1665046408770{border-top-width: 3px !important;padding-top: 40px !important;padding-right: 40px !important;padding-bottom: 40px !important;padding-left: 40px !important;background-color: #ffffff !important;border-top-color: #dd3333 !important;border-top-style: solid !important;}\u00a0\u00bb]<style>.vcex-heading.vcex_69efc67872802{color:#222222;font-size:2em;font-weight:600;}<\/style><span class=\"vcex-heading vcex-heading-plain vcex-module wpex-heading wpex-text-2xl wpex-text-center vcex_69efc67872802\"><span class=\"vcex-heading-inner wpex-inline-block\">VOLCAT IGUALADA | 1 \u00c9TAPE | OPEN<\/span><\/span><div class=\"vcex-spacing wpex-w-100 wpex-clear\"><\/div><style>.vcex-divider-multicolor.vcex_69efc67872b75 .vcex-divider-multicolor__item{height:10px;}<\/style><div class=\"vcex-divider-multicolor vcex-module wpex-flex wpex-w-100 wpex-m-auto vcex_69efc67872b75\"><span class=\"vcex-divider-multicolor__item wpex-flex-grow\" style=\"background:#e30613;\"><\/span><\/div><div class=\"vcex-spacing wpex-w-100 wpex-clear\"><\/div>[vc_column_text css=\u00a0\u00bb\u00a0\u00bb color=\u00a0\u00bb#000000&Prime; text_align=\u00a0\u00bbcenter\u00a0\u00bb]Prix jusqu&rsquo;au 31\/12\/2025 23h59<br \/>\n<span style=\"font-size: 24px; color: #aa1100;\">56,30 \u20ac<\/span><\/p>\n<p>Prix jusqu&rsquo;au 01\/04\/2026 23h59<br \/>\n<span style=\"font-size: 24px; color: #aa1100;\">66,30 \u20ac<\/span>[\/vc_column_text]<div class=\"vcex-spacing wpex-w-100 wpex-clear\"><\/div>[vc_column_text css=\u00a0\u00bb\u00a0\u00bb text_align=\u00a0\u00bbcenter\u00a0\u00bb]<span style=\"color: #808080;\">*TVA et frais de gestion inclus<\/span>[\/vc_column_text]<div class=\"vcex-spacing wpex-w-100 wpex-clear\"><\/div><style>.vcex-button.vcex_69efc6787328f:hover{background:#000000!important;color:#ffffff!important;}.vcex-button.vcex_69efc6787328f{color:#000000!important;padding-block:15px;padding-inline:30px;border:2px solid currentColor;font-weight:700;}<\/style><div class=\"theme-button-wrap theme-button-expanded-wrap\"><a href=\"https:\/\/www.rockthesport.com\/fr\/evenement\/volcat-igualada-by-scott-2026\/inscription\/selectionnez-tarif?&#038;fee_tag=unaetapaopen\" class=\"vcex-button theme-button outline expanded expanded vcex_69efc6787328f\" target=\"_blank\" rel=\"noopener noreferrer\"><span class=\"vcex-button-inner theme-button-inner wpex-flex wpex-flex-wrap wpex-items-center wpex-justify-center\">INSCRIPTION FERM\u00c9<\/span><\/a><\/div> [\/vc_column][vc_column wpex_shadow=\u00a0\u00bbshadow-lg\u00a0\u00bb width=\u00a0\u00bb1\/3&Prime; wpex_bg_color=\u00a0\u00bb#ffffff\u00a0\u00bb wpex_border_color=\u00a0\u00bb#ff0000&Prime; css=\u00a0\u00bb.vc_custom_1774436294637{border-top-width: 3px !important;padding-top: 40px !important;padding-right: 40px !important;padding-bottom: 40px !important;padding-left: 40px !important;border-top-style: s\u00f2lid !important;}\u00a0\u00bb]<style>.vcex-heading.vcex_69efc678737a2{color:#222222;font-size:2em;font-weight:600;}<\/style><span class=\"vcex-heading vcex-heading-plain vcex-module wpex-heading wpex-text-2xl wpex-text-center vcex_69efc678737a2\"><span class=\"vcex-heading-inner wpex-inline-block\">VOLCAT KIDS IGUALADA<\/span><\/span><div class=\"vcex-spacing wpex-w-100 wpex-clear\"><\/div><style>.vcex-divider-multicolor.vcex_69efc67873c23 .vcex-divider-multicolor__item{height:10px;}<\/style><div class=\"vcex-divider-multicolor vcex-module wpex-flex wpex-w-100 wpex-m-auto vcex_69efc67873c23\"><span class=\"vcex-divider-multicolor__item wpex-flex-grow\" style=\"background:#e30613;\"><\/span><\/div><div class=\"vcex-spacing wpex-w-100 wpex-clear\"><\/div>[vc_column_text css=\u00a0\u00bb\u00a0\u00bb color=\u00a0\u00bb#000000&Prime; text_align=\u00a0\u00bbcenter\u00a0\u00bb]<strong>Gar\u00e7ons et filles de 5 \u00e0 14 ans<\/strong><\/p>\n<p>Prix jusqu&rsquo;au 01\/04\/2026 23:59<br \/>\n<span style=\"font-size: 24px; color: #aa1100;\">Gratuite<\/span>[\/vc_column_text]<div class=\"vcex-spacing wpex-w-100 wpex-clear\"><\/div>[vc_column_text css=\u00a0\u00bb\u00a0\u00bb text_align=\u00a0\u00bbcenter\u00a0\u00bb]<span style=\"color: #808080;\">*TVA et frais de gestion inclus<\/span>[\/vc_column_text]<div class=\"vcex-spacing wpex-w-100 wpex-clear\"><\/div><style>.vcex-button.vcex_69efc67874305:hover{background:#000000!important;color:#ffffff!important;}.vcex-button.vcex_69efc67874305{color:#000000!important;padding-block:15px;padding-inline:30px;border:2px solid currentColor;font-weight:700;}<\/style><div class=\"theme-button-wrap theme-button-expanded-wrap\"><a href=\"https:\/\/www.rockthesport.com\/fr\/evenement\/volcat-igualada-by-scott-2026\/inscription\/selectionnez-tarif?&#038;fee_tag=kids\" class=\"vcex-button theme-button outline expanded expanded vcex_69efc67874305\" target=\"_blank\" rel=\"noopener noreferrer\"><span class=\"vcex-button-inner theme-button-inner wpex-flex wpex-flex-wrap wpex-items-center wpex-justify-center\">INSCRIPTION FERM\u00c9<\/span><\/a><\/div> [\/vc_column][\/vc_row][vc_row full_width=\u00a0\u00bbstretch_row\u00a0\u00bb remove_bottom_col_margin=\u00a0\u00bbtrue\u00a0\u00bb][vc_column][vc_column_text css=\u00a0\u00bb\u00a0\u00bb]\n<h2 style=\"text-align: center;\">L&rsquo;inscription aux \u00e9tapes 1 et 2 comprend&#8230;<\/h2>\n[\/vc_column_text][vc_empty_space][\/vc_column][\/vc_row][vc_row][vc_column width=\u00a0\u00bb1\/3&Prime;]<style>.vcex-bullets.vcex_69efc67874754 .vcex-bullets-icon{color:#81d742;}.vcex-bullets.vcex_69efc67874754{font-size:16px;}<\/style><div class=\"vcex-module vcex-bullets vcex-bullets--vertical custom-icon vcex_69efc67874754\">\n<ul role=\"list\">\n<li><div class=\"vcex-bullets-ci-wrap wpex-inline-flex\"><span class=\"vcex-bullets-icon-wrap vcex-icon-wrap wpex-mr-10\"><span class=\"vcex-bullets-icon vcex-icon fas fa-check\" aria-hidden=\"true\"><\/span><\/span><div class=\"vcex-content wpex-flex-grow\">Le droit de participer \u00e0 la comp\u00e9tition.<\/div><\/div><\/li>\n<li><div class=\"vcex-bullets-ci-wrap wpex-inline-flex\"><span class=\"vcex-bullets-icon-wrap vcex-icon-wrap wpex-mr-10\"><span class=\"vcex-bullets-icon vcex-icon fas fa-check\" aria-hidden=\"true\"><\/span><\/span><div class=\"vcex-content wpex-flex-grow\">Piste marqu\u00e9e<\/div><\/div><\/li>\n<li><div class=\"vcex-bullets-ci-wrap wpex-inline-flex\"><span class=\"vcex-bullets-icon-wrap vcex-icon-wrap wpex-mr-10\"><span class=\"vcex-bullets-icon vcex-icon fas fa-check\" aria-hidden=\"true\"><\/span><\/span><div class=\"vcex-content wpex-flex-grow\">Maillot comm\u00e9moratif des 25 ans de l&rsquo;Ocisport<\/div><\/div><\/li>\n<li><div class=\"vcex-bullets-ci-wrap wpex-inline-flex\"><span class=\"vcex-bullets-icon-wrap vcex-icon-wrap wpex-mr-10\"><span class=\"vcex-bullets-icon vcex-icon fas fa-check\" aria-hidden=\"true\"><\/span><\/span><div class=\"vcex-content wpex-flex-grow\">Plaque et dos<\/div><\/div><\/li>\n<li><div class=\"vcex-bullets-ci-wrap wpex-inline-flex\"><span class=\"vcex-bullets-icon-wrap vcex-icon-wrap wpex-mr-10\"><span class=\"vcex-bullets-icon vcex-icon fas fa-check\" aria-hidden=\"true\"><\/span><\/span><div class=\"vcex-content wpex-flex-grow\">Cadeau finisher VolCAT Igualada (uniquement pour les participants de 2 \u00e9tapes)<\/div><\/div><\/li>\n<\/ul>\n<\/div>[\/vc_column][vc_column width=\u00a0\u00bb1\/3&Prime;]<style>.vcex-bullets.vcex_69efc67874c24 .vcex-bullets-icon{color:#81d742;}.vcex-bullets.vcex_69efc67874c24{font-size:16px;}<\/style><div class=\"vcex-module vcex-bullets vcex-bullets--vertical custom-icon vcex_69efc67874c24\">\n<ul role=\"list\">\n<li><div class=\"vcex-bullets-ci-wrap wpex-inline-flex\"><span class=\"vcex-bullets-icon-wrap vcex-icon-wrap wpex-mr-10\"><span class=\"vcex-bullets-icon vcex-icon fas fa-check\" aria-hidden=\"true\"><\/span><\/span><div class=\"vcex-content wpex-flex-grow\">Cl\u00f4ture de la course<\/div><\/div><\/li>\n<li><div class=\"vcex-bullets-ci-wrap wpex-inline-flex\"><span class=\"vcex-bullets-icon-wrap vcex-icon-wrap wpex-mr-10\"><span class=\"vcex-bullets-icon vcex-icon fas fa-check\" aria-hidden=\"true\"><\/span><\/span><div class=\"vcex-content wpex-flex-grow\">Timing.<\/div><\/div><\/li>\n<li><div class=\"vcex-bullets-ci-wrap wpex-inline-flex\"><span class=\"vcex-bullets-icon-wrap vcex-icon-wrap wpex-mr-10\"><span class=\"vcex-bullets-icon vcex-icon fas fa-check\" aria-hidden=\"true\"><\/span><\/span><div class=\"vcex-content wpex-flex-grow\">Aliments liquides et solides.<\/div><\/div><\/li>\n<li><div class=\"vcex-bullets-ci-wrap wpex-inline-flex\"><span class=\"vcex-bullets-icon-wrap vcex-icon-wrap wpex-mr-10\"><span class=\"vcex-bullets-icon vcex-icon fas fa-check\" aria-hidden=\"true\"><\/span><\/span><div class=\"vcex-content wpex-flex-grow\">Rafra\u00eechissements \u00e0 la fin de chaque \u00e9tape.<\/div><\/div><\/li>\n<li><div class=\"vcex-bullets-ci-wrap wpex-inline-flex\"><span class=\"vcex-bullets-icon-wrap vcex-icon-wrap wpex-mr-10\"><span class=\"vcex-bullets-icon vcex-icon fas fa-check\" aria-hidden=\"true\"><\/span><\/span><div class=\"vcex-content wpex-flex-grow\">Services m\u00e9dicaux.<\/div><\/div><\/li>\n<li><div class=\"vcex-bullets-ci-wrap wpex-inline-flex\"><span class=\"vcex-bullets-icon-wrap vcex-icon-wrap wpex-mr-10\"><span class=\"vcex-bullets-icon vcex-icon fas fa-check\" aria-hidden=\"true\"><\/span><\/span><div class=\"vcex-content wpex-flex-grow\">Parking v\u00e9los<\/div><\/div><\/li>\n<\/ul>\n<\/div>[\/vc_column][vc_column width=\u00a0\u00bb1\/3&Prime;]<style>.vcex-bullets.vcex_69efc67874ece .vcex-bullets-icon{color:#81d742;}.vcex-bullets.vcex_69efc67874ece{font-size:16px;}<\/style><div class=\"vcex-module vcex-bullets vcex-bullets--vertical custom-icon vcex_69efc67874ece\">\n<ul role=\"list\">\n<li><div class=\"vcex-bullets-ci-wrap wpex-inline-flex\"><span class=\"vcex-bullets-icon-wrap vcex-icon-wrap wpex-mr-10\"><span class=\"vcex-bullets-icon vcex-icon fas fa-check\" aria-hidden=\"true\"><\/span><\/span><div class=\"vcex-content wpex-flex-grow\">WC et douches.<\/div><\/div><\/li>\n<li><div class=\"vcex-bullets-ci-wrap wpex-inline-flex\"><span class=\"vcex-bullets-icon-wrap vcex-icon-wrap wpex-mr-10\"><span class=\"vcex-bullets-icon vcex-icon fas fa-check\" aria-hidden=\"true\"><\/span><\/span><div class=\"vcex-content wpex-flex-grow\">Garde-robe.<\/div><\/div><\/li>\n<li><div class=\"vcex-bullets-ci-wrap wpex-inline-flex\"><span class=\"vcex-bullets-icon-wrap vcex-icon-wrap wpex-mr-10\"><span class=\"vcex-bullets-icon vcex-icon fas fa-check\" aria-hidden=\"true\"><\/span><\/span><div class=\"vcex-content wpex-flex-grow\">Local \u00e0 v\u00e9los.<\/div><\/div><\/li>\n<li><div class=\"vcex-bullets-ci-wrap wpex-inline-flex\"><span class=\"vcex-bullets-icon-wrap vcex-icon-wrap wpex-mr-10\"><span class=\"vcex-bullets-icon vcex-icon fas fa-check\" aria-hidden=\"true\"><\/span><\/span><div class=\"vcex-content wpex-flex-grow\">Service de lavage de v\u00e9los (sous r\u00e9serve du d\u00e9cret s\u00e9cheresse).<\/div><\/div><\/li>\n<li><div class=\"vcex-bullets-ci-wrap wpex-inline-flex\"><span class=\"vcex-bullets-icon-wrap vcex-icon-wrap wpex-mr-10\"><span class=\"vcex-bullets-icon vcex-icon fas fa-check\" aria-hidden=\"true\"><\/span><\/span><div class=\"vcex-content wpex-flex-grow\">Guide du motard.<span style=\"font-size: 10px\"><br \/>\n<\/span><\/div><\/div><\/li>\n<\/ul>\n<\/div>[\/vc_column][\/vc_row][vc_row full_width=\u00a0\u00bbstretch_row\u00a0\u00bb][vc_column][vc_column_text css=\u00a0\u00bb\u00a0\u00bb]\n<h2 style=\"text-align: center;\">R\u00e8glement<\/h2>\n[\/vc_column_text][vc_empty_space][vc_column_text css=\u00a0\u00bb\u00a0\u00bb]\n<p style=\"text-align: center;\"><span style=\"font-size: 16px;\">Tous les participants, en formalisant leur inscription, acceptent le pr\u00e9sent r\u00e8glement.<\/span><\/p>\n[\/vc_column_text]<div class=\"vcex-spacing wpex-w-100 wpex-clear\"><\/div><div class=\"theme-button-wrap textcenter wpex-clr\"><a href=\"https:\/\/volcatbtt.com\/fr\/volcat-igualada\/la-course-volcat-igualada\/reglement-volcat-igualada\/\" class=\"vcex-button theme-button flat medium align-center inline\" target=\"_blank\" rel=\"noopener noreferrer\"><span class=\"vcex-button-inner theme-button-inner wpex-flex wpex-flex-wrap wpex-items-center wpex-justify-center\">VOIR R\u00c8GLEMENT<\/span><\/a><\/div> [\/vc_column][\/vc_row][vc_row full_width=\u00a0\u00bbstretch_row\u00a0\u00bb gap=\u00a0\u00bb35&Prime; visibility=\u00a0\u00bbhidden\u00a0\u00bb][vc_column wpex_shadow=\u00a0\u00bbshadow-lg\u00a0\u00bb width=\u00a0\u00bb1\/3&Prime; css=\u00a0\u00bb.vc_custom_1728377024283{padding-top: 40px !important;padding-right: 40px !important;padding-bottom: 40px !important;padding-left: 40px !important;background-color: #ffffff !important;border-color: #dd3333 !important;}\u00a0\u00bb]<style>.vcex-heading.vcex_69efc67876fdc{color:#222222;font-size:2em;font-weight:600;}<\/style><span class=\"vcex-heading vcex-heading-plain vcex-module wpex-heading wpex-text-2xl wpex-text-center vcex_69efc67876fdc\"><span class=\"vcex-heading-inner wpex-inline-block\">VOLCAT IGUALADA 3 \u00c9TAPES | PRO<\/span><\/span><div class=\"vcex-spacing wpex-w-100 wpex-clear\"><\/div><style>.vcex-divider-multicolor.vcex_69efc67877312 .vcex-divider-multicolor__item{height:10px;}<\/style><div class=\"vcex-divider-multicolor vcex-module wpex-flex wpex-w-100 wpex-m-auto vcex_69efc67877312\"><span class=\"vcex-divider-multicolor__item wpex-flex-grow\" style=\"background:#e30613;\"><\/span><\/div><div class=\"vcex-spacing wpex-w-100 wpex-clear\"><\/div>[vc_column_text css=\u00a0\u00bb\u00a0\u00bb text_align=\u00a0\u00bbcenter\u00a0\u00bb color=\u00a0\u00bb#000000&Prime;]<span style=\"font-size: 21px;\"><small><small><strong>PRIX POUR LES 200 PREMIERS INSCRITS<\/strong><br \/>\n<\/small><\/small><\/span><span style=\"font-size: 24px; color: #aa1100;\">151,30 \u20ac<\/span><\/p>\n<p><span style=\"font-size: 21px;\"><small><small>Prix \u200b\u200bjusqu&rsquo;au 23\/03\/2025 23:59<br \/>\n<\/small><\/small><\/span><span style=\"font-size: 24px; color: #aa1100;\">171,30 \u20ac<\/span><\/p>\n<p><span style=\"font-size: 21px;\"><small><small>Prix \u200b\u200bjusqu&rsquo;au 16\/04\/2025 23:59<br \/>\n<\/small><\/small><\/span><span style=\"font-size: 24px; color: #aa1100;\">196,30 \u20ac<\/span>[\/vc_column_text]<div class=\"vcex-spacing wpex-w-100 wpex-clear\"><\/div>[vc_column_text css=\u00a0\u00bb\u00a0\u00bb text_align=\u00a0\u00bbcenter\u00a0\u00bb]<span style=\"color: #808080;\">*TVA et frais de gestion inclus<\/span>[\/vc_column_text]<div class=\"vcex-spacing wpex-w-100 wpex-clear\"><\/div><style>.vcex-button.vcex_69efc678779c1:hover{background:#000000!important;color:#ffffff!important;}.vcex-button.vcex_69efc678779c1{color:#000000!important;padding-block:15px;padding-inline:30px;border:2px solid currentColor;font-weight:700;}<\/style><div class=\"theme-button-wrap theme-button-expanded-wrap\"><a href=\"https:\/\/www.rockthesport.com\/fr\/evenement\/volcat-igualada-by-scott-2025\/inscription\/selectionnez-tarif?&#038;fee_tag=tresetapaspro\" class=\"vcex-button theme-button outline expanded expanded vcex_69efc678779c1\" target=\"_blank\" rel=\"noopener noreferrer\"><span class=\"vcex-button-inner theme-button-inner wpex-flex wpex-flex-wrap wpex-items-center wpex-justify-center\">INSCRIPTION FERM\u00c9E<\/span><\/a><\/div> [\/vc_column][vc_column wpex_shadow=\u00a0\u00bbshadow-lg\u00a0\u00bb width=\u00a0\u00bb1\/3&Prime; css=\u00a0\u00bb.vc_custom_1728377015275{padding-top: 40px !important;padding-right: 40px !important;padding-bottom: 40px !important;padding-left: 40px !important;background-color: #ffffff !important;border-color: #dd3333 !important;}\u00a0\u00bb]<style>.vcex-heading.vcex_69efc67877eb9{color:#222222;font-size:2em;font-weight:600;}<\/style><span class=\"vcex-heading vcex-heading-plain vcex-module wpex-heading wpex-text-2xl wpex-text-center vcex_69efc67877eb9\"><span class=\"vcex-heading-inner wpex-inline-block\">VOLCAT IGUALADA 3 \u00c9TAPES | OPEN<\/span><\/span><div class=\"vcex-spacing wpex-w-100 wpex-clear\"><\/div><style>.vcex-divider-multicolor.vcex_69efc6787820d .vcex-divider-multicolor__item{height:10px;}<\/style><div class=\"vcex-divider-multicolor vcex-module wpex-flex wpex-w-100 wpex-m-auto vcex_69efc6787820d\"><span class=\"vcex-divider-multicolor__item wpex-flex-grow\" style=\"background:#e30613;\"><\/span><\/div><div class=\"vcex-spacing wpex-w-100 wpex-clear\"><\/div>[vc_column_text css=\u00a0\u00bb\u00a0\u00bb text_align=\u00a0\u00bbcenter\u00a0\u00bb color=\u00a0\u00bb#000000&Prime;]<span style=\"font-size: 21px;\"><small><small><strong>PRIX POUR LES 200 PREMIERS INSCRITS<\/strong><br \/>\n<\/small><\/small><\/span><span style=\"font-size: 24px; color: #aa1100;\">151,30 \u20ac<\/span><\/p>\n<p><span style=\"font-size: 21px;\"><small><small>Prix \u200b\u200bjusqu&rsquo;au 23\/03\/2025 23:59<br \/>\n<\/small><\/small><\/span><span style=\"font-size: 24px; color: #aa1100;\">171,30 \u20ac<\/span><\/p>\n<p><span style=\"font-size: 21px;\"><small><small>Prix \u200b\u200bjusqu&rsquo;au 16\/04\/2025 23:59<br \/>\n<\/small><\/small><\/span><span style=\"font-size: 24px; color: #aa1100;\">196,30 \u20ac<\/span>[\/vc_column_text]<div class=\"vcex-spacing wpex-w-100 wpex-clear\"><\/div>[vc_column_text css=\u00a0\u00bb\u00a0\u00bb text_align=\u00a0\u00bbcenter\u00a0\u00bb]<span style=\"color: #808080;\">*TVA et frais de gestion inclus<\/span>[\/vc_column_text]<div class=\"vcex-spacing wpex-w-100 wpex-clear\"><\/div><style>.vcex-button.vcex_69efc6787882c:hover{background:#000000!important;color:#ffffff!important;}.vcex-button.vcex_69efc6787882c{color:#000000!important;padding-block:15px;padding-inline:30px;border:2px solid currentColor;font-weight:700;}<\/style><div class=\"theme-button-wrap theme-button-expanded-wrap\"><a href=\"https:\/\/www.rockthesport.com\/fr\/evenement\/volcat-igualada-by-scott-2025\/inscription\/selectionnez-tarif?&#038;fee_tag=tresetapasopen\" class=\"vcex-button theme-button outline expanded expanded vcex_69efc6787882c\" target=\"_blank\" rel=\"noopener noreferrer\"><span class=\"vcex-button-inner theme-button-inner wpex-flex wpex-flex-wrap wpex-items-center wpex-justify-center\">INSCRIPTION FERM\u00c9E<\/span><\/a><\/div> [\/vc_column][vc_column wpex_shadow=\u00a0\u00bbshadow-lg\u00a0\u00bb width=\u00a0\u00bb1\/3&Prime; css=\u00a0\u00bb.vc_custom_1728377005275{padding-top: 40px !important;padding-right: 40px !important;padding-bottom: 40px !important;padding-left: 40px !important;}\u00a0\u00bb]<style>.vcex-heading.vcex_69efc67878d2b{color:#222222;font-size:2em;font-weight:600;}<\/style><span class=\"vcex-heading vcex-heading-plain vcex-module wpex-heading wpex-text-2xl wpex-text-center vcex_69efc67878d2b\"><span class=\"vcex-heading-inner wpex-inline-block\">VOLCAT IGUALADA 3 \u00c9TAPES | OPEN DUO<\/span><\/span><div class=\"vcex-spacing wpex-w-100 wpex-clear\"><\/div><style>.vcex-divider-multicolor.vcex_69efc6787901d .vcex-divider-multicolor__item{height:10px;}<\/style><div class=\"vcex-divider-multicolor vcex-module wpex-flex wpex-w-100 wpex-m-auto vcex_69efc6787901d\"><span class=\"vcex-divider-multicolor__item wpex-flex-grow\" style=\"background:#e30613;\"><\/span><\/div><div class=\"vcex-spacing wpex-w-100 wpex-clear\"><\/div>[vc_column_text css=\u00a0\u00bb\u00a0\u00bb text_align=\u00a0\u00bbcenter\u00a0\u00bb color=\u00a0\u00bb#000000&Prime;]<span style=\"font-size: 21px;\"><small><small>Tarifs groupes<\/small><\/small><\/span>[\/vc_column_text][vc_column_text css=\u00a0\u00bb\u00a0\u00bb text_align=\u00a0\u00bbcenter\u00a0\u00bb color=\u00a0\u00bb#000000&Prime;]<span style=\"font-size: 21px;\"><small><small><strong>PRIX POUR LES 200 PREMIERS INSCRITS<\/strong><br \/>\n<\/small><\/small><\/span><span style=\"font-size: 24px; color: #aa1100;\">301,30 \u20ac<\/span><\/p>\n<p><span style=\"font-size: 21px;\"><small><small>Prix \u200b\u200bjusqu&rsquo;au 23\/03\/2025 23:59<br \/>\n<\/small><\/small><\/span><span style=\"font-size: 24px; color: #aa1100;\">341,30 \u20ac<\/span><\/p>\n<p><span style=\"font-size: 21px;\"><small><small>Prix \u200b\u200bjusqu&rsquo;au 16\/04\/2025 23:59<br \/>\n<\/small><\/small><\/span><span style=\"font-size: 24px; color: #aa1100;\">391,30 \u20ac<\/span>[\/vc_column_text]<div class=\"vcex-spacing wpex-w-100 wpex-clear\"><\/div>[vc_column_text css=\u00a0\u00bb\u00a0\u00bb text_align=\u00a0\u00bbcenter\u00a0\u00bb]<span style=\"color: #808080;\">*TVA et frais de gestion inclus<\/span>[\/vc_column_text]<div class=\"vcex-spacing wpex-w-100 wpex-clear\"><\/div><style>.vcex-button.vcex_69efc678795dc:hover{background:#000000!important;color:#ffffff!important;}.vcex-button.vcex_69efc678795dc{color:#000000!important;padding-block:15px;padding-inline:30px;border:2px solid currentColor;font-weight:700;}<\/style><div class=\"theme-button-wrap theme-button-expanded-wrap\"><a href=\"https:\/\/www.rockthesport.com\/fr\/evenement\/volcat-igualada-by-scott-2025\/inscription\/selectionnez-tarif?&#038;fee_tag=tresetapasopenduo\" class=\"vcex-button theme-button outline expanded expanded vcex_69efc678795dc\" target=\"_blank\" rel=\"noopener noreferrer\"><span class=\"vcex-button-inner theme-button-inner wpex-flex wpex-flex-wrap wpex-items-center wpex-justify-center\">INSCRIPTION FERM\u00c9E<\/span><\/a><\/div> [\/vc_column][\/vc_row][vc_row][vc_column][vc_widget_sidebar sidebar_id=\u00a0\u00bbprimera-columna-logo\u00a0\u00bb][\/vc_column][\/vc_row]\n<\/div>","protected":false},"excerpt":{"rendered":"<p>[vc_row full_width=\u00a0\u00bbstretch_row\u00a0\u00bb content_placement=\u00a0\u00bbbottom\u00a0\u00bb typography_style=\u00a0\u00bbwhite\u00a0\u00bb css=\u00a0\u00bb.vc_custom_1736335991992{background-image: url(https:\/\/volcatbtt.com\/wp-content\/uploads\/2024\/10\/2024-03-31-volcat-igualada-xxss-premsa-foto-francesc-llado-084-1.jpg?id=10430) !important;background-position: center !important;background-repeat: no-repeat !important;background-size: cover !important;}\u00a0\u00bb min_height=\u00a0\u00bb200px\u00a0\u00bb wpex_bg_position=\u00a0\u00bb15% 13%\u00a0\u00bb][vc_column][vc_column_text css=\u00a0\u00bb\u00a0\u00bb] Inscription [\/vc_column_text][\/vc_column][\/vc_row][vc_row full_width=\u00a0\u00bbstretch_row\u00a0\u00bb content_placement=\u00a0\u00bbmiddle\u00a0\u00bb][vc_column][vc_empty_space][\/vc_column][\/vc_row][vc_row full_width=\u00a0\u00bbstretch_row\u00a0\u00bb remove_bottom_col_margin=\u00a0\u00bbtrue\u00a0\u00bb][vc_column][vc_column_text css=\u00a0\u00bb\u00a0\u00bb visibility=\u00a0\u00bbhidden\u00a0\u00bb] PRIX SP\u00c9CIAL FIN D&rsquo;ANN\u00c9E [\/vc_column_text][vc_empty_space][\/vc_column][\/vc_row][vc_row full_width=\u00a0\u00bbstretch_row\u00a0\u00bb gap=\u00a0\u00bb35&Prime;][vc_column wpex_shadow=\u00a0\u00bbshadow-lg\u00a0\u00bb width=\u00a0\u00bb1\/3&Prime; css=\u00a0\u00bb.vc_custom_1774435797109{border-top-width: 3px !important;padding-top: 40px !important;padding-right: 40px !important;padding-bottom: 40px !important;padding-left: 40px !important;background-color: #ffffff !important;border-top-style: s\u00f2lid !important;border-color: #dd3333 !important;}\u00a0\u00bb wpex_border_color=\u00a0\u00bb#dd3333&Prime;][\/vc_column][vc_column wpex_shadow=\u00a0\u00bbshadow-lg\u00a0\u00bb width=\u00a0\u00bb1\/3&Prime; wpex_border_color=\u00a0\u00bb#dd3333&Prime;&hellip;<\/p>\n","protected":false},"author":2,"featured_media":0,"parent":427,"menu_order":0,"comment_status":"closed","ping_status":"closed","template":"","meta":{"footnotes":""},"class_list":["post-639","page","type-page","status-publish","hentry","entry","no-media"],"_links":{"self":[{"href":"https:\/\/volcatbtt.com\/fr\/wp-json\/wp\/v2\/pages\/639","targetHints":{"allow":["GET"]}}],"collection":[{"href":"https:\/\/volcatbtt.com\/fr\/wp-json\/wp\/v2\/pages"}],"about":[{"href":"https:\/\/volcatbtt.com\/fr\/wp-json\/wp\/v2\/types\/page"}],"author":[{"embeddable":true,"href":"https:\/\/volcatbtt.com\/fr\/wp-json\/wp\/v2\/users\/2"}],"replies":[{"embeddable":true,"href":"https:\/\/volcatbtt.com\/fr\/wp-json\/wp\/v2\/comments?post=639"}],"version-history":[{"count":35,"href":"https:\/\/volcatbtt.com\/fr\/wp-json\/wp\/v2\/pages\/639\/revisions"}],"predecessor-version":[{"id":12709,"href":"https:\/\/volcatbtt.com\/fr\/wp-json\/wp\/v2\/pages\/639\/revisions\/12709"}],"up":[{"embeddable":true,"href":"https:\/\/volcatbtt.com\/fr\/wp-json\/wp\/v2\/pages\/427"}],"wp:attachment":[{"href":"https:\/\/volcatbtt.com\/fr\/wp-json\/wp\/v2\/media?parent=639"}],"curies":[{"name":"wp","href":"https:\/\/api.w.org\/{rel}","templated":true}]}}