{"id":772,"date":"2024-11-06T12:07:54","date_gmt":"2024-11-06T10:07:54","guid":{"rendered":"https:\/\/wpprovis.com\/volcat-igualada\/caravans-zone-volcat-igualada\/"},"modified":"2025-11-24T13:36:40","modified_gmt":"2025-11-24T11:36:40","slug":"aire-pour-camping-cars-volcat-igualada","status":"publish","type":"page","link":"https:\/\/volcatbtt.com\/fr\/volcat-igualada\/aire-pour-camping-cars-volcat-igualada\/","title":{"rendered":"Aire pour camping-cars Volcat Igualada"},"content":{"rendered":"<div class=\"wpb-content-wrapper\">[vc_row full_width=\u00a0\u00bbstretch_row\u00a0\u00bb content_placement=\u00a0\u00bbbottom\u00a0\u00bb typography_style=\u00a0\u00bbwhite\u00a0\u00bb css=\u00a0\u00bb.vc_custom_1733911786614{background-image: url(https:\/\/volcatbtt.com\/wp-content\/uploads\/2024\/11\/zona-camper-igualada-2022.png?id=691) !important;background-position: center !important;background-repeat: no-repeat !important;background-size: cover !important;}\u00a0\u00bb min_height=\u00a0\u00bb200px\u00a0\u00bb wpex_bg_position=\u00a0\u00bb50% 70%\u00a0\u00bb][vc_column][vc_column_text css=\u00a0\u00bb\u00a0\u00bb]\n<h1>Aire pour camping-cars<\/h1>\n[\/vc_column_text][\/vc_column][\/vc_row][vc_row][vc_column][vc_widget_sidebar sidebar_id=\u00a0\u00bbbarra-proxima-edicion-volcat-igualada\u00a0\u00bb][\/vc_column][\/vc_row][vc_row][vc_column]<div class=\"vcex-spacing wpex-w-100 wpex-clear\"><\/div>[vc_column_text css=\u00a0\u00bb\u00a0\u00bb]\n<h2 style=\"text-align: center;\">Aire pour camping-cars, un espace pour tous les cyclistes<\/h2>\n[\/vc_column_text][\/vc_column][\/vc_row][vc_row][vc_column width=\u00a0\u00bb1\/2&Prime;][vc_single_image image=\u00a0\u00bb691&Prime; css=\u00a0\u00bb\u00a0\u00bb][vc_column_text]Zone caravan Igualada 2022[\/vc_column_text][\/vc_column][vc_column width=\u00a0\u00bb1\/2&Prime;][vc_column_text css=\u00a0\u00bb\u00a0\u00bb]\n<p id=\"tw-target-text\" dir=\"ltr\" data-placeholder=\"Traducci\u00f3n\"><span lang=\"es\" style=\"font-size: 16px;\">Le VolCAT Festival disposera d&rsquo;une aire pour camping-cars, afin que tous les participants et leurs accompagnateurs (adultes et enfants) puissent profiter d&rsquo;un \u00e9v\u00e9nement cycliste avec des amis, des partenaires ou de la famille.<\/span><\/p>\n<p dir=\"ltr\" data-placeholder=\"Traducci\u00f3n\"><span lang=\"es\" style=\"font-size: 16px;\">Un espace pour les tentes, les camping-cars ou les campeurs. De cette mani\u00e8re, tout le monde sera le plus \u00e0 l&rsquo;aise possible lors d&rsquo;un \u00e9v\u00e9nement cycliste de haut niveau comme la VolCAT. <\/span><\/p>\n[\/vc_column_text][vc_column_text]\n<blockquote>\n<p id=\"tw-target-text\" class=\"tw-data-text tw-text-large tw-ta\" dir=\"ltr\" data-placeholder=\"Traducci\u00f3n\"><span class=\"Y2IQFc\" lang=\"es\" style=\"font-size: 16px;\">Profitez de l&rsquo;ambiance et des activit\u00e9s pour tous les publics pendant la journ\u00e9e, sans vous soucier des horaires, au c\u0153ur de l&rsquo;action et en contact avec tout ce qui se passe.<\/span><\/p>\n<\/blockquote>\n[\/vc_column_text][\/vc_column][\/vc_row][vc_row][vc_column width=\u00a0\u00bb1\/2&Prime;]<div class=\"vcex-icon vcex-module vcex-icon-normal\"><div class=\"vcex-icon-wrap wpex-inline-flex wpex-items-center wpex-justify-center wpex-leading-none\"><span class=\"wpex-icon\" aria-hidden=\"true\"><svg xmlns=\"http:\/\/www.w3.org\/2000\/svg\" viewBox=\"0 0 512 512\"><path d=\"M64 131.9C64 112.1 80.1 96 99.9 96c9.5 0 18.6 3.8 25.4 10.5l16.2 16.2c-21 38.9-17.4 87.5 10.9 123L151 247c-9.4 9.4-9.4 24.6 0 33.9s24.6 9.4 33.9 0L345 121c9.4-9.4 9.4-24.6 0-33.9s-24.6-9.4-33.9 0l-1.3 1.3c-35.5-28.3-84.2-31.9-123-10.9L170.5 61.3C151.8 42.5 126.4 32 99.9 32C44.7 32 0 76.7 0 131.9V448c0 17.7 14.3 32 32 32s32-14.3 32-32V131.9zM256 352a32 32 0 1 0 0-64 32 32 0 1 0 0 64zm64 64a32 32 0 1 0 -64 0 32 32 0 1 0 64 0zm0-128a32 32 0 1 0 0-64 32 32 0 1 0 0 64zm64 64a32 32 0 1 0 -64 0 32 32 0 1 0 64 0zm0-128a32 32 0 1 0 0-64 32 32 0 1 0 0 64zm64 64a32 32 0 1 0 -64 0 32 32 0 1 0 64 0zm32-32a32 32 0 1 0 0-64 32 32 0 1 0 0 64z\"\/><\/svg><\/span><\/div><\/div>[vc_column_text]\n<h3>Service de douche<\/h3>\n[\/vc_column_text]<div class=\"vcex-spacing wpex-w-100 wpex-clear\"><\/div>[vc_column_text css=\u00a0\u00bb\u00a0\u00bb]<span style=\"font-size: 16px;\">Aire pour camping-cars sera situ\u00e9e tout pr\u00e8s de l&rsquo;\u00e9picentre du VolCAT, dans le <a href=\"https:\/\/goo.gl\/maps\/KZJTrHiwxX4iczdWA\" target=\"_blank\" rel=\"noopener\">parc Xipreret<\/a>. <\/span><\/p>\n<p><span style=\"font-size: 16px;\">Il dispose d&rsquo;un service de douches accessible \u00e0 pied ou \u00e0 v\u00e9lo.<\/span><\/p>\n<p><span style=\"font-size: 16px;\">Si vous avez des questions ou si vous souhaitez obtenir plus d&rsquo;informations, envoyez-nous un courriel \u00e0 l&rsquo;adresse suivante : <strong>hola@ocisport.net<\/strong><\/span>[\/vc_column_text][\/vc_column][vc_column width=\u00a0\u00bb1\/2&Prime;][vc_gmaps link=\u00a0\u00bb#E-8_JTNDaWZyYW1lJTIwc3JjJTNEJTIyaHR0cHMlM0ElMkYlMkZ3d3cuZ29vZ2xlLmNvbSUyRm1hcHMlMkZlbWJlZCUzRnBiJTNEJTIxMW0xOCUyMTFtMTIlMjExbTMlMjExZDI5ODQuMzk2NjQ0Njg2NjQ1NyUyMTJkMS42MjEyNDIxMTU3MTA1Mzk3JTIxM2Q0MS41ODIzMDExOTE4NTE0ODUlMjEybTMlMjExZjAlMjEyZjAlMjEzZjAlMjEzbTIlMjExaTEwMjQlMjEyaTc2OCUyMTRmMTMuMSUyMTNtMyUyMTFtMiUyMTFzMHgxMmE0NjlkYjY5NjIyOWZkJTI1M0EweDI5MTBkNWI2YmNmNDFjZTMlMjEyc1BhcnF1ZSUyNTIwZGVsJTI1MjBYaXByZXJldCUyMTVlMCUyMTNtMiUyMTFzZXMlMjEyc2VzJTIxNHYxNjgwMTcxNTgzMjk0JTIxNW0yJTIxMXNlcyUyMTJzZXMlMjIlMjB3aWR0aCUzRCUyMjYwMCUyMiUyMGhlaWdodCUzRCUyMjQ1MCUyMiUyMHN0eWxlJTNEJTIyYm9yZGVyJTNBMCUzQiUyMiUyMGFsbG93ZnVsbHNjcmVlbiUzRCUyMiUyMiUyMGxvYWRpbmclM0QlMjJsYXp5JTIyJTIwcmVmZXJyZXJwb2xpY3klM0QlMjJuby1yZWZlcnJlci13aGVuLWRvd25ncmFkZSUyMiUzRSUzQyUyRmlmcmFtZSUzRQ==\u00a0\u00bb][\/vc_column][\/vc_row][vc_row][vc_column][vc_column_text css=\u00a0\u00bb\u00a0\u00bb]\n<h3 style=\"text-align: center;\">Voulez-vous profiter de la aire pour camping-cars?<\/h3>\n<p style=\"text-align: center;\"><span style=\"font-size: 16px;\">L&rsquo;ordre d&rsquo;inscription d\u00e9terminera l&rsquo;attribution des parcelles.<\/span><\/p>\n[\/vc_column_text]<div class=\"vcex-spacing wpex-w-100 wpex-clear\"><\/div><style>.vcex-button.vcex_69efc7677870d{background:#bf0a08;color:#ffffff!important;}.vcex-button.vcex_69efc7677870d:hover{background:#000000!important;color:#ffffff!important;}<\/style><div class=\"theme-button-wrap textcenter theme-button-block-wrap wpex-block wpex-clear wpex-clr\"><a href=\"https:\/\/www.rockthesport.com\/fr\/evenement\/volcat-igualada-by-scott-2026\/inscription\/selectionnez-tarif?&#038;fee_tag=autocaravanas\" class=\"vcex-button theme-button minimal-border large align-center block vcex_69efc7677870d\" target=\"_blank\" rel=\"noopener noreferrer\"><span class=\"vcex-button-inner theme-button-inner wpex-flex wpex-flex-wrap wpex-items-center wpex-justify-center\">R\u00c9SERVEZ VOTRE EMPLACEMENT DANS AIRE POUR CAMPING-CARS ET CAMPERS<\/span><\/a><\/div> [\/vc_column][\/vc_row][vc_row full_width=\u00a0\u00bbstretch_row\u00a0\u00bb disable_element=\u00a0\u00bbyes\u00a0\u00bb css=\u00a0\u00bb.vc_custom_1704803458589{background-color: #333333 !important;}\u00a0\u00bb][vc_column][vc_column_text color=\u00a0\u00bb#ffffff\u00a0\u00bb]\n<h5 id=\"tw-target-text\" dir=\"ltr\" style=\"text-align: center;\" data-placeholder=\"Traducci\u00f3n\"><strong><span lang=\"es\" style=\"font-size: 16px;\">Services inclus dans la zone camping-car<\/span><\/strong><\/h5>\n[\/vc_column_text]<div class=\"vcex-spacing wpex-w-100 wpex-clear\"><\/div>[vc_row_inner][vc_column_inner width=\u00a0\u00bb1\/3&Prime;]<style>.vcex-icon-box.vcex_69efc76779e91 .vcex-icon-box-heading{color:#ffffff;}.vcex-icon-box.vcex_69efc76779e91 .vcex-icon-box-icon{font-size:var(--vcex-icon-md);color:#ffffff;}<\/style><div class=\"vcex-module vcex-icon-box vcex-icon-box-four wpex-block wpex-text-center wpex-p-30 wpex-bordered vcex_69efc76779e91\"><div class=\"vcex-icon-box-symbol vcex-icon-box-symbol--icon wpex-mb-20\"><div class=\"vcex-icon-box-icon wpex-items-center wpex-justify-center wpex-child-inherit-color wpex-text-center wpex-leading-none wpex-inline-flex wpex-text-1\"><span class=\"wpex-flex wpex-icon\" aria-hidden=\"true\"><svg xmlns=\"http:\/\/www.w3.org\/2000\/svg\" viewBox=\"0 0 512 512\"><path d=\"M64 131.9C64 112.1 80.1 96 99.9 96c9.5 0 18.6 3.8 25.4 10.5l16.2 16.2c-21 38.9-17.4 87.5 10.9 123L151 247c-9.4 9.4-9.4 24.6 0 33.9s24.6 9.4 33.9 0L345 121c9.4-9.4 9.4-24.6 0-33.9s-24.6-9.4-33.9 0l-1.3 1.3c-35.5-28.3-84.2-31.9-123-10.9L170.5 61.3C151.8 42.5 126.4 32 99.9 32C44.7 32 0 76.7 0 131.9V448c0 17.7 14.3 32 32 32s32-14.3 32-32V131.9zM256 352a32 32 0 1 0 0-64 32 32 0 1 0 0 64zm64 64a32 32 0 1 0 -64 0 32 32 0 1 0 64 0zm0-128a32 32 0 1 0 0-64 32 32 0 1 0 0 64zm64 64a32 32 0 1 0 -64 0 32 32 0 1 0 64 0zm0-128a32 32 0 1 0 0-64 32 32 0 1 0 0 64zm64 64a32 32 0 1 0 -64 0 32 32 0 1 0 64 0zm32-32a32 32 0 1 0 0-64 32 32 0 1 0 0 64z\"\/><\/svg><\/span><\/div><\/div><div class=\"vcex-icon-box-text\"><h2 class=\"vcex-icon-box-heading wpex-heading wpex-text-md wpex-mb-10\">Module WC et douche<\/h2><\/div><\/div>[\/vc_column_inner][vc_column_inner width=\u00a0\u00bb1\/3&Prime;]<style>.vcex-icon-box.vcex_69efc7677a914 .vcex-icon-box-heading{color:#ffffff;}.vcex-icon-box.vcex_69efc7677a914 .vcex-icon-box-icon{font-size:var(--vcex-icon-md);color:#ffffff;}<\/style><div class=\"vcex-module vcex-icon-box vcex-icon-box-four wpex-block wpex-text-center wpex-p-30 wpex-bordered vcex_69efc7677a914\"><div class=\"vcex-icon-box-symbol vcex-icon-box-symbol--icon wpex-mb-20\"><div class=\"vcex-icon-box-icon wpex-items-center wpex-justify-center wpex-child-inherit-color wpex-text-center wpex-leading-none wpex-inline-flex wpex-text-1\"><span class=\"wpex-flex wpex-icon\" aria-hidden=\"true\"><svg xmlns=\"http:\/\/www.w3.org\/2000\/svg\" viewBox=\"0 0 448 512\"><path d=\"M349.4 44.6c5.9-13.7 1.5-29.7-10.6-38.5s-28.6-8-39.9 1.8l-256 224c-10 8.8-13.6 22.9-8.9 35.3S50.7 288 64 288H175.5L98.6 467.4c-5.9 13.7-1.5 29.7 10.6 38.5s28.6 8 39.9-1.8l256-224c10-8.8 13.6-22.9 8.9-35.3s-16.6-20.7-30-20.7H272.5L349.4 44.6z\"\/><\/svg><\/span><\/div><\/div><div class=\"vcex-icon-box-text\"><h2 class=\"vcex-icon-box-heading wpex-heading wpex-text-md wpex-mb-10\">Douille de lumi\u00e8re<\/h2><\/div><\/div>[\/vc_column_inner][vc_column_inner width=\u00a0\u00bb1\/3&Prime;]<style>.vcex-icon-box.vcex_69efc7677b13a .vcex-icon-box-heading{color:#ffffff;}.vcex-icon-box.vcex_69efc7677b13a .vcex-icon-box-icon{font-size:var(--vcex-icon-md);color:#ffffff;}<\/style><div class=\"vcex-module vcex-icon-box vcex-icon-box-four wpex-block wpex-text-center wpex-p-30 wpex-bordered vcex_69efc7677b13a\"><div class=\"vcex-icon-box-symbol vcex-icon-box-symbol--icon wpex-mb-20\"><div class=\"vcex-icon-box-icon wpex-items-center wpex-justify-center wpex-child-inherit-color wpex-text-center wpex-leading-none wpex-inline-flex wpex-text-1\"><span class=\"wpex-flex wpex-icon\" aria-hidden=\"true\"><svg xmlns=\"http:\/\/www.w3.org\/2000\/svg\" viewBox=\"0 0 640 512\"><path d=\"M312 32c-13.3 0-24 10.7-24 24s10.7 24 24 24h25.7l34.6 64H222.9l-27.4-38C191 99.7 183.7 96 176 96H120c-13.3 0-24 10.7-24 24s10.7 24 24 24h43.7l22.1 30.7-26.6 53.1c-10-2.5-20.5-3.8-31.2-3.8C57.3 224 0 281.3 0 352s57.3 128 128 128c65.3 0 119.1-48.9 127-112h49c8.5 0 16.3-4.5 20.7-11.8l84.8-143.5 21.7 40.1C402.4 276.3 384 312 384 352c0 70.7 57.3 128 128 128s128-57.3 128-128s-57.3-128-128-128c-13.5 0-26.5 2.1-38.7 6L375.4 48.8C369.8 38.4 359 32 347.2 32H312zM458.6 303.7l32.3 59.7c6.3 11.7 20.9 16 32.5 9.7s16-20.9 9.7-32.5l-32.3-59.7c3.6-.6 7.4-.9 11.2-.9c39.8 0 72 32.2 72 72s-32.2 72-72 72s-72-32.2-72-72c0-18.6 7-35.5 18.6-48.3zM133.2 368h65c-7.3 32.1-36 56-70.2 56c-39.8 0-72-32.2-72-72s32.2-72 72-72c1.7 0 3.4 .1 5.1 .2l-24.2 48.5c-9 18.1 4.1 39.4 24.3 39.4zm33.7-48l50.7-101.3 72.9 101.2-.1 .1H166.8zm90.6-128H365.9L317 274.8 257.4 192z\"\/><\/svg><\/span><\/div><\/div><div class=\"vcex-icon-box-text\"><h2 class=\"vcex-icon-box-heading wpex-heading wpex-text-md wpex-mb-10\">Espace de nettoyage des v\u00e9los<\/h2><\/div><\/div>[\/vc_column_inner][\/vc_row_inner][\/vc_column][\/vc_row][vc_row remove_bottom_col_margin=\u00a0\u00bbtrue\u00a0\u00bb][vc_column][vc_widget_sidebar sidebar_id=\u00a0\u00bbprimera-columna-logo\u00a0\u00bb][\/vc_column][\/vc_row]\n<\/div>","protected":false},"excerpt":{"rendered":"<p>[vc_row full_width=\u00a0\u00bbstretch_row\u00a0\u00bb content_placement=\u00a0\u00bbbottom\u00a0\u00bb typography_style=\u00a0\u00bbwhite\u00a0\u00bb css=\u00a0\u00bb.vc_custom_1733911786614{background-image: url(https:\/\/volcatbtt.com\/wp-content\/uploads\/2024\/11\/zona-camper-igualada-2022.png?id=691) !important;background-position: center !important;background-repeat: no-repeat !important;background-size: cover !important;}\u00a0\u00bb min_height=\u00a0\u00bb200px\u00a0\u00bb wpex_bg_position=\u00a0\u00bb50% 70%\u00a0\u00bb][vc_column][vc_column_text css=\u00a0\u00bb\u00a0\u00bb] Aire pour camping-cars [\/vc_column_text][\/vc_column][\/vc_row][vc_row][vc_column][vc_widget_sidebar sidebar_id=\u00a0\u00bbbarra-proxima-edicion-volcat-igualada\u00a0\u00bb][\/vc_column][\/vc_row][vc_row][vc_column][vc_column_text css=\u00a0\u00bb\u00a0\u00bb] Aire pour camping-cars, un espace pour tous les cyclistes [\/vc_column_text][\/vc_column][\/vc_row][vc_row][vc_column width=\u00a0\u00bb1\/2&Prime;][vc_single_image image=\u00a0\u00bb691&Prime; css=\u00a0\u00bb\u00a0\u00bb][vc_column_text]Zone caravan Igualada 2022[\/vc_column_text][\/vc_column][vc_column width=\u00a0\u00bb1\/2&Prime;][vc_column_text css=\u00a0\u00bb\u00a0\u00bb] Le VolCAT Festival disposera d&rsquo;une aire pour camping-cars, afin que tous les participants et&hellip;<\/p>\n","protected":false},"author":2,"featured_media":0,"parent":427,"menu_order":0,"comment_status":"closed","ping_status":"closed","template":"","meta":{"footnotes":""},"class_list":["post-772","page","type-page","status-publish","hentry","entry","no-media"],"_links":{"self":[{"href":"https:\/\/volcatbtt.com\/fr\/wp-json\/wp\/v2\/pages\/772","targetHints":{"allow":["GET"]}}],"collection":[{"href":"https:\/\/volcatbtt.com\/fr\/wp-json\/wp\/v2\/pages"}],"about":[{"href":"https:\/\/volcatbtt.com\/fr\/wp-json\/wp\/v2\/types\/page"}],"author":[{"embeddable":true,"href":"https:\/\/volcatbtt.com\/fr\/wp-json\/wp\/v2\/users\/2"}],"replies":[{"embeddable":true,"href":"https:\/\/volcatbtt.com\/fr\/wp-json\/wp\/v2\/comments?post=772"}],"version-history":[{"count":9,"href":"https:\/\/volcatbtt.com\/fr\/wp-json\/wp\/v2\/pages\/772\/revisions"}],"predecessor-version":[{"id":11845,"href":"https:\/\/volcatbtt.com\/fr\/wp-json\/wp\/v2\/pages\/772\/revisions\/11845"}],"up":[{"embeddable":true,"href":"https:\/\/volcatbtt.com\/fr\/wp-json\/wp\/v2\/pages\/427"}],"wp:attachment":[{"href":"https:\/\/volcatbtt.com\/fr\/wp-json\/wp\/v2\/media?parent=772"}],"curies":[{"name":"wp","href":"https:\/\/api.w.org\/{rel}","templated":true}]}}